{"id":16011,"date":"2025-03-14T13:57:16","date_gmt":"2025-03-14T12:57:16","guid":{"rendered":"https:\/\/headspace.dk\/?page_id=16011"},"modified":"2026-03-12T16:34:00","modified_gmt":"2026-03-12T15:34:00","slug":"international-activities","status":"publish","type":"page","link":"https:\/\/headspace.dk\/en\/international-activities\/","title":{"rendered":"International Activities"},"content":{"rendered":"<p><div class=\"fusion-fullwidth fullwidth-box fusion-builder-row-1 fusion-flex-container has-pattern-background has-mask-background fusion-parallax-none nonhundred-percent-fullwidth non-hundred-percent-height-scrolling lazyload\" style=\"--awb-border-radius-top-left:0px;--awb-border-radius-top-right:0px;--awb-border-radius-bottom-right:0px;--awb-border-radius-bottom-left:0px;--awb-padding-top:0px;--awb-padding-bottom:0px;--awb-margin-top:0px;--awb-min-height:70vh;--awb-background-size:cover;--awb-flex-wrap:wrap;\" data-bg=\"https:\/\/headspace.dk\/wp-content\/uploads\/2024\/09\/S5-64.jpg\" ><div class=\"fusion-builder-row fusion-row fusion-flex-align-items-center fusion-flex-align-content-flex-end fusion-flex-justify-content-center fusion-flex-content-wrap\" style=\"max-width:1508px;margin-left: calc(-4% \/ 2 );margin-right: calc(-4% \/ 2 );\"><div class=\"fusion-layout-column fusion_builder_column fusion-builder-column-0 fusion_builder_column_4_5 4_5 fusion-flex-column\" style=\"--awb-bg-size:cover;--awb-width-large:80%;--awb-margin-top-large:0px;--awb-spacing-right-large:0%;--awb-margin-bottom-large:0px;--awb-spacing-left-large:0%;--awb-width-medium:80%;--awb-order-medium:0;--awb-spacing-right-medium:0%;--awb-spacing-left-medium:0%;--awb-width-small:100%;--awb-order-small:0;--awb-spacing-right-small:1.92%;--awb-spacing-left-small:1.92%;\"><div class=\"fusion-column-wrapper fusion-column-has-shadow fusion-flex-justify-content-flex-start fusion-content-layout-column\"><div class=\"fusion-title title fusion-title-1 fusion-sep-none fusion-title-text fusion-title-size-one\" style=\"--awb-text-color:var(--awb-color6);--awb-margin-top-small:10px;--awb-margin-right-small:0px;--awb-margin-bottom-small:10px;--awb-margin-left-small:0px;--awb-font-size:36px;\"><h1 class=\"fusion-title-heading title-heading-left fusion-responsive-typography-calculated\" style=\"margin:0;text-transform:uppercase;font-size:1em;--fontSize:36;line-height:var(--awb-typography1-line-height);\">international activities<\/h1><\/div><\/div><\/div><\/div><\/div><div class=\"fusion-fullwidth fullwidth-box fusion-builder-row-2 fusion-flex-container has-pattern-background has-mask-background nonhundred-percent-fullwidth non-hundred-percent-height-scrolling\" style=\"--awb-border-radius-top-left:0px;--awb-border-radius-top-right:0px;--awb-border-radius-bottom-right:0px;--awb-border-radius-bottom-left:0px;--awb-min-height:20vh;--awb-flex-wrap:wrap;\" ><div class=\"fusion-builder-row fusion-row fusion-flex-align-items-flex-start fusion-flex-align-content-center fusion-flex-justify-content-center fusion-flex-content-wrap\" style=\"max-width:1508px;margin-left: calc(-4% \/ 2 );margin-right: calc(-4% \/ 2 );\"><div class=\"fusion-layout-column fusion_builder_column fusion-builder-column-1 fusion_builder_column_4_5 4_5 fusion-flex-column\" style=\"--awb-bg-size:cover;--awb-width-large:80%;--awb-margin-top-large:0px;--awb-spacing-right-large:0%;--awb-margin-bottom-large:0px;--awb-spacing-left-large:0%;--awb-width-medium:80%;--awb-order-medium:0;--awb-spacing-right-medium:0%;--awb-spacing-left-medium:0%;--awb-width-small:100%;--awb-order-small:0;--awb-spacing-right-small:1.92%;--awb-spacing-left-small:1.92%;\"><div class=\"fusion-column-wrapper fusion-column-has-shadow fusion-flex-justify-content-flex-start fusion-content-layout-column\"><div class=\"fusion-text fusion-text-1\" style=\"--awb-margin-top:20px;\"><p>The International Team was established in 2024 in response to increasing global interest in headspace Denmark. Through international collaborations, we aim to expand the reach of the non-specialist, volunteer approach to new settings, learn from others to improve our offering within Denmark, and advocate for increased commitment and investment in civil society approaches to youth mental health. Some of our key projects are described in the section below.<\/p>\n<\/div><\/div><\/div><\/div><\/div><div class=\"fusion-fullwidth fullwidth-box fusion-builder-row-3 fusion-flex-container has-pattern-background has-mask-background nonhundred-percent-fullwidth non-hundred-percent-height-scrolling\" style=\"--awb-border-radius-top-left:0px;--awb-border-radius-top-right:0px;--awb-border-radius-bottom-right:0px;--awb-border-radius-bottom-left:0px;--awb-min-height:50vh;--awb-background-color:var(--awb-custom_color_5);--awb-flex-wrap:wrap;\" ><div class=\"fusion-builder-row fusion-row fusion-flex-align-items-center fusion-flex-align-content-center fusion-flex-justify-content-center fusion-flex-content-wrap\" style=\"max-width:1508px;margin-left: calc(-4% \/ 2 );margin-right: calc(-4% \/ 2 );\"><div class=\"fusion-layout-column fusion_builder_column fusion-builder-column-2 fusion_builder_column_4_5 4_5 fusion-flex-column\" style=\"--awb-bg-size:cover;--awb-width-large:80%;--awb-margin-top-large:0px;--awb-spacing-right-large:0%;--awb-margin-bottom-large:0px;--awb-spacing-left-large:0%;--awb-width-medium:80%;--awb-order-medium:0;--awb-spacing-right-medium:0%;--awb-spacing-left-medium:0%;--awb-width-small:100%;--awb-order-small:0;--awb-spacing-right-small:1.92%;--awb-spacing-left-small:1.92%;\"><div class=\"fusion-column-wrapper fusion-column-has-shadow fusion-flex-justify-content-flex-start fusion-content-layout-column\"><div class=\"fusion-title title fusion-title-2 fusion-sep-none fusion-title-text fusion-title-size-two\" style=\"--awb-text-color:var(--awb-color6);--awb-margin-top-small:10px;--awb-margin-right-small:0px;--awb-margin-bottom-small:10px;--awb-margin-left-small:0px;--awb-font-size:30px;\"><h2 class=\"fusion-title-heading title-heading-left fusion-responsive-typography-calculated\" style=\"margin:0;text-transform:uppercase;font-size:1em;--fontSize:30;line-height:var(--awb-typography1-line-height);\">Projects and International Engagements<\/h2><\/div><div class=\"accordian fusion-accordian\" style=\"--awb-border-size:1px;--awb-icon-size:16px;--awb-content-font-size:var(--awb-typography4-font-size);--awb-icon-alignment:left;--awb-hover-color:var(--awb-color2);--awb-border-color:var(--awb-color3);--awb-background-color:var(--awb-color1);--awb-divider-color:var(--awb-custom_color_5);--awb-divider-hover-color:var(--awb-color3);--awb-icon-color:var(--awb-color1);--awb-title-color:var(--awb-color8);--awb-content-color:var(--awb-color8);--awb-icon-box-color:var(--awb-color6);--awb-toggle-hover-accent-color:var(--awb-color5);--awb-title-font-family:&quot;Agrandir text bold&quot;;--awb-title-font-weight:400;--awb-title-font-style:normal;--awb-title-font-size:var(--awb-typography1-font-size);--awb-title-text-transform:capitalize;--awb-content-font-family:&quot;Agrandir text bold&quot;;--awb-content-font-style:normal;--awb-content-font-weight:400;\"><div class=\"panel-group fusion-toggle-icon-boxed\" id=\"accordion-16011-1\"><div class=\"fusion-panel panel-default panel-c7b560ee6e64c37ab fusion-toggle-has-divider\" style=\"--awb-title-font-size:20px;--awb-title-color:var(--awb-color6);\"><div class=\"panel-heading\"><h4 class=\"panel-title toggle\" id=\"toggle_c7b560ee6e64c37ab\"><a aria-expanded=\"false\" aria-controls=\"c7b560ee6e64c37ab\" role=\"button\" data-toggle=\"collapse\" data-parent=\"#accordion-16011-1\" data-target=\"#c7b560ee6e64c37ab\" href=\"#c7b560ee6e64c37ab\"><span class=\"fusion-toggle-icon-wrapper\" aria-hidden=\"true\"><i class=\"fa-fusion-box active-icon fa-angle-right fas\" aria-hidden=\"true\"><\/i><i class=\"fa-fusion-box inactive-icon fa-angle-right fas\" aria-hidden=\"true\"><\/i><\/span><span class=\"fusion-toggle-heading\">Nordic headspace conference 2025 - Turn the tide - New approaches to youth mental health and early intervention<\/span><\/a><\/h4><\/div><div id=\"c7b560ee6e64c37ab\" class=\"panel-collapse collapse\" aria-labelledby=\"toggle_c7b560ee6e64c37ab\"><div class=\"panel-body toggle-content fusion-clearfix\">\n<p><b><span data-contrast=\"auto\">Five key takeaways from the Nordic headspace conference 2025 - \"Turn the tide: New approaches to youth mental health and early intervention\"<\/span><\/b><\/p>\n<p><img decoding=\"async\" class=\"lazyload size-large wp-image-19382 aligncenter\" src=\"https:\/\/headspace.dk\/wp-content\/uploads\/2025\/11\/11-1024x683.jpg\" data-orig-src=\"https:\/\/headspace.dk\/wp-content\/uploads\/2025\/11\/11-1024x683.jpg\" alt=\"Nordic headspace conference panel\" width=\"1024\" height=\"683\" srcset=\"data:image\/svg+xml,%3Csvg%20xmlns%3D%27http%3A%2F%2Fwww.w3.org%2F2000%2Fsvg%27%20width%3D%271024%27%20height%3D%27683%27%20viewBox%3D%270%200%201024%20683%27%3E%3Crect%20width%3D%271024%27%20height%3D%27683%27%20fill-opacity%3D%220%22%2F%3E%3C%2Fsvg%3E\" data-srcset=\"https:\/\/headspace.dk\/wp-content\/uploads\/2025\/11\/11-18x12.jpg 18w, https:\/\/headspace.dk\/wp-content\/uploads\/2025\/11\/11-300x200.jpg 300w, https:\/\/headspace.dk\/wp-content\/uploads\/2025\/11\/11-768x512.jpg 768w, https:\/\/headspace.dk\/wp-content\/uploads\/2025\/11\/11-1024x683.jpg 1024w, https:\/\/headspace.dk\/wp-content\/uploads\/2025\/11\/11-1536x1024.jpg 1536w\" data-sizes=\"auto\" data-orig-sizes=\"(max-width: 1024px) 100vw, 1024px\" \/><\/p>\n<p><span data-contrast=\"auto\">The Nordic headspace 2025 conference took place in the F\u00e6llessalen at the Danish Parliament, Christiansborg, bringing together 150 participants from 18 countries.<\/span><span data-ccp-props=\"\">\u00a0<\/span><\/p>\n<p><span data-contrast=\"auto\">The conference gathered practitioners, policymakers and young people from the Nordic region and the rest of the world to share insights, knowledge and experiences to answer the big question: How do we turn the tide on young people's mental wellbeing?<\/span><span data-ccp-props=\"\">\u00a0<\/span><\/p>\n<p><span data-contrast=\"auto\">Already the day before, a larger group of participants had effectively kicked off this year's conference by joining a workshop at headspace Denmark and visiting the local headspace center in Lyngby. You can read more about the visit at the bottom of the page.<\/span><span data-ccp-props=\"\">\u00a0<\/span><\/p>\n<p><span data-contrast=\"auto\">We would like to thank all participants at Nordic headspace for their commitment, their invaluable input and their tireless determination to improve young people's wellbeing across the globe.<\/span><span data-ccp-props=\"\">\u00a0<\/span><\/p>\n<p><span data-contrast=\"auto\">Here are five key takeaways from the conference days.<\/span><\/p>\n<p><strong>1.<\/strong> <b><span data-contrast=\"auto\">Human connection is crucial in a digital age<\/span><\/b><\/p>\n<p><span data-contrast=\"auto\">A recurring theme throughout the conference was the concern that everyday encounters - small talk at the supermarket, a smile on the bus, a quick \"hi\" in the street - are slowly disappearing as digitalisation and automation increase.<\/span><span data-ccp-props=\"\">\u00a0<\/span><\/p>\n<p><span data-contrast=\"auto\">As former Icelandic Minister of Social Affairs \u00c1rni P\u00e1ll \u00c1rnason reminded us, these small, informal meetings and conversations are what keep us connected - and their absence affects not only young people's mental health, but all of ours.<\/span><span data-ccp-props=\"\">\u00a0<\/span><\/p>\n<p><span data-contrast=\"auto\">This is a message that resonates strongly with headspace Denmark and clearly did so in the room as well: We must insist on presence, conversation and nurturing relationships in a daily life that can all too easily be reduced to screens, self-service solutions and isolation.\u00a0<\/span><span data-ccp-props=\"\">\u00a0<\/span><\/p>\n<p><span data-contrast=\"auto\">Prevention often begins with something as simple as someone asking: \"How are you - really?\"<\/span><span data-ccp-props=\"\">\u00a0<\/span><\/p>\n<p><b><span data-contrast=\"auto\">2. prevention and early intervention must play a much bigger role<\/span><\/b><\/p>\n<p><span data-contrast=\"auto\">WHO's representative, Dr. Ledia Laz\u00ebri, put numbers to a well-known problem: Only 3.6% of global mental health budgets are allocated to prevention and promotion, even though we know this is where the greatest impact is achieved - both in human and economic terms.<\/span><span data-ccp-props=\"\">\u00a0<\/span><\/p>\n<p><span data-contrast=\"auto\">She highlighted the services provided by the NGOs present and several others from around the world, including Zimbabwe, Italy and Latvia, where practitioners are already making a tangible difference by meeting young people where they are.<\/span><span data-ccp-props=\"\">\u00a0<\/span><\/p>\n<p><span data-contrast=\"auto\">The message to decision-makers was clear: If we want to turn the tide, we also need to redirect the flow of funding. We must invest substantially more in prevention, early intervention and low-threshold services that can catch young people before they can no longer cope - and before the pressure on an already overburdened healthcare system increases even further.<\/span><span data-ccp-props=\"\">\u00a0<\/span><\/p>\n<p><b><span data-contrast=\"auto\">3. Flexible civil society services work - but struggle with sustainability<\/span><\/b><\/p>\n<p><span data-contrast=\"auto\">Across international youth services, including our Nordic partners Bergi\u00f0 headspace and Mental Helse, the same experience emerged: When young people are met on their terms, in safe communities and within flexible frameworks it makes a real difference.<\/span><span data-ccp-props=\"\">\u00a0<\/span><\/p>\n<p><span data-contrast=\"auto\">Tom Guldberg from Mental Helse in Norway shared how activities such as gathering a group of boys in a workshop and having them build something together over 6-8 months can open space for difficult conversations about life.<\/span><span data-ccp-props=\"\">\u00a0<\/span><\/p>\n<p><span data-contrast=\"auto\">But from Bergi\u00f0 headspace in Iceland, we also heard how they still must fight year after year to secure funding, even though young people are clearly using the service. Several NGOs pointed to the paradox that success does not automatically lead to stability: The more in-demand and effective the services become, the greater the uncertainty if funding remains short-term and project-based.<\/span><span data-ccp-props=\"\">\u00a0<\/span><\/p>\n<p><span data-contrast=\"auto\">The key point was that if we want a strong \"ecosystem\" around young people's mental health, we must ensure long-term, predictable conditions for the organizations that make a difference for young people.<\/span><span data-ccp-props=\"\">\u00a0<\/span><\/p>\n<p><b><span data-contrast=\"auto\">4. Young people are experts in their own lives - and must be at the table<\/span><\/b><\/p>\n<p><img decoding=\"async\" class=\"lazyload size-large wp-image-19390 aligncenter\" src=\"https:\/\/headspace.dk\/wp-content\/uploads\/2025\/11\/2-1024x683.jpg\" data-orig-src=\"https:\/\/headspace.dk\/wp-content\/uploads\/2025\/11\/2-1024x683.jpg\" alt=\"\" width=\"1024\" height=\"683\" srcset=\"data:image\/svg+xml,%3Csvg%20xmlns%3D%27http%3A%2F%2Fwww.w3.org%2F2000%2Fsvg%27%20width%3D%271024%27%20height%3D%27683%27%20viewBox%3D%270%200%201024%20683%27%3E%3Crect%20width%3D%271024%27%20height%3D%27683%27%20fill-opacity%3D%220%22%2F%3E%3C%2Fsvg%3E\" data-srcset=\"https:\/\/headspace.dk\/wp-content\/uploads\/2025\/11\/2-18x12.jpg 18w, https:\/\/headspace.dk\/wp-content\/uploads\/2025\/11\/2-300x200.jpg 300w, https:\/\/headspace.dk\/wp-content\/uploads\/2025\/11\/2-768x512.jpg 768w, https:\/\/headspace.dk\/wp-content\/uploads\/2025\/11\/2-1024x683.jpg 1024w, https:\/\/headspace.dk\/wp-content\/uploads\/2025\/11\/2-1536x1024.jpg 1536w\" data-sizes=\"auto\" data-orig-sizes=\"(max-width: 1024px) 100vw, 1024px\" \/><\/p>\n<p><span data-contrast=\"auto\">One of the strongest voices at the conference was L\u00e6rke, an upper secondary school student and representative of headspace Denmark, who set the tone for the day in the F\u00e6llessalen. Her message was clear:<\/span><span data-ccp-props=\"\">\u00a0<\/span><\/p>\n<p><span data-contrast=\"auto\">\"The future must be shaped\u00a0<\/span><i><span data-contrast=\"auto\">with<\/span><\/i><span data-contrast=\"auto\">\u00a0young people, not\u00a0<\/span><i><span data-contrast=\"auto\">for<\/span><\/i><span data-contrast=\"auto\">\u00a0young people.\"<\/span><span data-ccp-props=\"\">\u00a0<\/span><\/p>\n<p><span data-contrast=\"auto\">Together with other young people from Denmark and Norway, she described a youth life full of opportunities but also characterized by demands, expectations and constant self-evaluation - from school, social media, parents and society at large. They called for more in-person communities where you can be yourself without having to be in crisis, and where it feels natural to talk about how you are doing.<\/span><span data-ccp-props=\"\">\u00a0<\/span><\/p>\n<p><span data-contrast=\"auto\">For headspace Denmark, this is exactly the core: We are the voice of young people - in one-to-one meetings, at events and in our policy work. When young people share their hopes, doubts and dreams, they are not only pointing to problems but also to solutions: More community, more presence and a society that recognizes that life inevitably has both ups and downs.<\/span><span data-ccp-props=\"\">\u00a0<\/span><\/p>\n<p><b><span data-contrast=\"auto\">5. A growing Nordic and global network - and a shared responsibility<\/span><\/b><\/p>\n<p><span data-contrast=\"auto\">On both Thursday and Friday young people, practitioners, researchers, NGOs, foundations and policymakers from Denmark, Norway, Iceland, the rest of Europe - and all the way from the USA and Australia, shared methods, data and concrete experiences across borders and systems.<\/span><span data-ccp-props=\"\">\u00a0<\/span><\/p>\n<p><span data-contrast=\"auto\">The tone was clear: The knowledge and will are there. Now it is about translating them into joint action and a call for braver political prioritizing - locally, nationally and internationally.<\/span><span data-ccp-props=\"\">\u00a0<\/span><\/p>\n<p><span data-contrast=\"auto\">As headspace Denmark's founder and patron Poul Nyrup Rasmussen put it in his closing speech:\u00a0<\/span><span data-ccp-props=\"\">\u00a0<\/span><\/p>\n<p><span data-contrast=\"auto\">\"We already hold many of the solutions. The task now is to create a sustainable ecosystem around them - a \"welfare society 2.0\" where civil society, research, foundations, municipalities and policymakers work side by side to support young people's mental health.\"<\/span><span data-ccp-props=\"\">\u00a0<\/span><\/p>\n<p><span data-ccp-props=\"\">\u00a0<\/span><\/p>\n<p><b><span data-contrast=\"auto\">Workshop and visit to headspace in Lyngby<\/span><\/b><span data-ccp-props=\"\">\u00a0<\/span><\/p>\n<p><span data-contrast=\"auto\">As mentioned at the beginning, a group of international guests started the conference already on Thursday by taking part in an idea development workshop at headspace Denmark and visiting the local headspace center in Lyngby.<\/span><span data-ccp-props=\"\">\u00a0<\/span><\/p>\n<p><span data-contrast=\"auto\">Here, the center's manager Kasper, youth counsellor Sven Buster, two volunteers and the municipality's representative at the center took the international guests behind the scenes: How do we at headspace Denmark get in touch with young people locally? How do we build trust? And how do we support them going forward - whether that is through bridge-building to other services, contact with their GP or a course of conversations with us?<\/span><span data-ccp-props=\"\">\u00a0<\/span><\/p>\n<p><span data-contrast=\"auto\">On behalf of the headspace center in Lyngby, we would like to say a huge thank you for the visit and for the many curious questions from our international guests.<\/span><span data-ccp-props=\"\">\u00a0<\/span><\/p>\n<p><span data-contrast=\"auto\">And finally, a big thank you to our partners in Nordic headspace: Bergi\u00f0 headspace and Mental Helse. And last but certainly not least, to everyone who works every single day to turn the tide together with young people all over the world.<\/span><span data-ccp-props=\"\">\u00a0<\/span><\/p>\n<p><span data-contrast=\"auto\">Together, we can do so much more\u00a0<\/span><span data-contrast=\"auto\">\ud83d\udc9a<\/span><span data-ccp-props=\"\">\u00a0<\/span><\/p>\n<p><span data-contrast=\"auto\">If you would like to be part of the Nordic headspace network or are curious about how you or your organization can contribute, you are always welcome to reach out to headspace Denmark's international department.<\/span><span data-ccp-props=\"\">\u00a0<\/span><\/p>\n<p><span data-ccp-props=\"\">Read more about the <a href=\"https:\/\/headspace.dk\/en\/nordic-headspace\/\">Nordic headspace Conference 2025 here<\/a>.<\/span><\/p>\n<p><b><span data-contrast=\"auto\">Contact us:<\/span><\/b><br \/><span data-contrast=\"auto\">Nina Moss, Head of International Department at headspace Denmark<\/span><br \/><span data-contrast=\"auto\">Email: <a href=\"mailto:nimo@detsocialenetvaerk.dk\">nimo@detsocialenetvaerk.dk<\/a><\/span><br \/><span data-contrast=\"auto\">Tel: +45 22 76 95 86<\/span><span data-ccp-props=\"\">\u00a0<\/span><\/p>\n<p><span data-ccp-props=\"\">\u00a0<\/span><\/p>\n<\/div><\/div><\/div><div class=\"fusion-panel panel-default panel-fd24c795f23d3fd5f fusion-toggle-has-divider\" style=\"--awb-title-font-size:20px;--awb-title-color:var(--awb-color6);\"><div class=\"panel-heading\"><h4 class=\"panel-title toggle\" id=\"toggle_fd24c795f23d3fd5f\"><a aria-expanded=\"false\" aria-controls=\"fd24c795f23d3fd5f\" role=\"button\" data-toggle=\"collapse\" data-parent=\"#accordion-16011-1\" data-target=\"#fd24c795f23d3fd5f\" href=\"#fd24c795f23d3fd5f\"><span class=\"fusion-toggle-icon-wrapper\" aria-hidden=\"true\"><i class=\"fa-fusion-box active-icon fa-angle-right fas\" aria-hidden=\"true\"><\/i><i class=\"fa-fusion-box inactive-icon fa-angle-right fas\" aria-hidden=\"true\"><\/i><\/span><span class=\"fusion-toggle-heading\">Nordic headspace conference 2024 - Let's invest in mental health<\/span><\/a><\/h4><\/div><div id=\"fd24c795f23d3fd5f\" class=\"panel-collapse collapse\" aria-labelledby=\"toggle_fd24c795f23d3fd5f\"><div class=\"panel-body toggle-content fusion-clearfix\">\n<h2 class=\"fusion-responsive-typography-calculated\" style=\"--fontsize: 24; line-height: 1.2;\" data-fontsize=\"24\" data-lineheight=\"28.8px\">&nbsp;<\/h2>\n<p><img decoding=\"async\" class=\"lazyload size-large wp-image-15428 alignnone\" src=\"https:\/\/headspace.dk\/wp-content\/uploads\/2024\/11\/pnr-hs-nordic-1024x576.jpg\" data-orig-src=\"https:\/\/headspace.dk\/wp-content\/uploads\/2024\/11\/pnr-hs-nordic-1024x576.jpg\" alt=\"\" width=\"1024\" height=\"576\" srcset=\"data:image\/svg+xml,%3Csvg%20xmlns%3D%27http%3A%2F%2Fwww.w3.org%2F2000%2Fsvg%27%20width%3D%271024%27%20height%3D%27576%27%20viewBox%3D%270%200%201024%20576%27%3E%3Crect%20width%3D%271024%27%20height%3D%27576%27%20fill-opacity%3D%220%22%2F%3E%3C%2Fsvg%3E\" data-srcset=\"https:\/\/headspace.dk\/wp-content\/uploads\/2024\/11\/pnr-hs-nordic-300x169.jpg 300w, https:\/\/headspace.dk\/wp-content\/uploads\/2024\/11\/pnr-hs-nordic-500x281.jpg 500w, https:\/\/headspace.dk\/wp-content\/uploads\/2024\/11\/pnr-hs-nordic-700x394.jpg 700w, https:\/\/headspace.dk\/wp-content\/uploads\/2024\/11\/pnr-hs-nordic-768x432.jpg 768w, https:\/\/headspace.dk\/wp-content\/uploads\/2024\/11\/pnr-hs-nordic-1024x576.jpg 1024w, https:\/\/headspace.dk\/wp-content\/uploads\/2024\/11\/pnr-hs-nordic-1536x864.jpg 1536w\" data-sizes=\"auto\" data-orig-sizes=\"(max-width: 1024px) 100vw, 1024px\" \/><br \/><b><br \/>Nordic headspace Conference <\/b>Gave Youth a Voice and Highlighted Smart Investments<\/p>\n<p>November 18 Copenhagen\u2019s Royal Danish Playhouse hosted the first Nordic headspace conference in Denmark. The event brought together researchers, politicians, business leaders, and young people from across the Nordic countries to discuss investments in youth mental health.<\/p>\n<p>Finance Minister Nicolai Wammen opened the conference with a speech emphasizing the importance of prioritizing mental well-being, not only as a minister but also as a father. The musician URO set the tone with heartfelt songs.<\/p>\n<p>A key topic was the inclusion of young people in decision-making processes. The day\u2019s debates included discussions on young people&#8217;s expectations of the labor market, presented by Christine Ravn Lund of the Danish Youth Council and Falck\u2019s CEO Jakob Riis. A youth panel also shared their perspectives on challenges such as future uncertainty, finances, and well-being.<\/p>\n<p>The conference featured international contributions, including insights from Professor Martin Knapp, who highlighted the economic benefits of investing in mental health, and WHO\u2019s Cassie Redlich, who showcased effective health initiatives.<\/p>\n<p>A heartfelt thanks to all participants and moderator Nynne Bjerre Christensen for an inspiring day that strengthened collaboration on youth mental well-being both in the Nordics and globally. As founder Poul Nyrup Rasmussen concluded: <em>&#8220;Those who give much, receive much.&#8221; <\/em><b><\/b><\/p>\n<p><b>Read more about the <a href=\"https:\/\/headspace.dk\/en\/nordic-headspace\/\">Nordic headspace Conference 2024 here<\/a>.<\/b><\/p>\n<p>&nbsp;<\/p>\n<div class=\"fusion-video fusion-selfhosted-video\" style=\"max-width:600px;\"><div class=\"video-wrapper\"><video playsinline=\"true\" width=\"100%\" style=\"object-fit: cover;\" muted=\"true\" loop=\"true\" preload=\"auto\" controls=\"1\"><source src=\"https:\/\/headspace.dk\/wp-content\/uploads\/2024\/11\/NORDIC-HEADSPACE-AFTERMOVIE.mp4\" type=\"video\/mp4\">Sorry, your browser doesn&#039;t support embedded videos.<\/video><\/div><\/div><em><br \/><\/em><\/p>\n<\/div><\/div><\/div><div class=\"fusion-panel panel-default panel-ac579f4af93cd74fa fusion-toggle-has-divider\" style=\"--awb-title-font-size:20px;--awb-title-color:var(--awb-color6);\"><div class=\"panel-heading\"><h4 class=\"panel-title toggle\" id=\"toggle_ac579f4af93cd74fa\"><a aria-expanded=\"false\" aria-controls=\"ac579f4af93cd74fa\" role=\"button\" data-toggle=\"collapse\" data-parent=\"#accordion-16011-1\" data-target=\"#ac579f4af93cd74fa\" href=\"#ac579f4af93cd74fa\"><span class=\"fusion-toggle-icon-wrapper\" aria-hidden=\"true\"><i class=\"fa-fusion-box active-icon fa-angle-right fas\" aria-hidden=\"true\"><\/i><i class=\"fa-fusion-box inactive-icon fa-angle-right fas\" aria-hidden=\"true\"><\/i><\/span><span class=\"fusion-toggle-heading\">Orygen Global report, \u201cA low-intensity, low-cost model for youth mental health: the headspace Denmark approach\u201d<\/span><\/a><\/h4><\/div><div id=\"ac579f4af93cd74fa\" class=\"panel-collapse collapse\" aria-labelledby=\"toggle_ac579f4af93cd74fa\"><div class=\"panel-body toggle-content fusion-clearfix\">\n<p>headspace Denmark\u2019s low-intensity volunteer model has recently been recognised by Orygen, the world\u2019s leading research organisation in youth mental health. The report explores other low-intensity service approaches around the world, provides an in-depth description of the headspace Denmark model and includes considerations for its adaptation and implementation into new settings. As the report concludes, \u201cThe headspace Denmark approach provides a promising model for adaptation to a diverse range of settings and different cultural contexts.\u201d You can read the report <b><u><a href=\"https:\/\/headspace.dk\/wp-content\/uploads\/2025\/08\/A-low-intensity-low-cost-model-to-YMH-headspace-DK-FINAL.pdf\">here<\/a><\/u><\/b>.<\/p>\n<p>We hope that this will inspire others to consider how low-intensity models such as this can be effectively utilised to better support young people\u2019s mental health and wellbeing in different resource settings around the globe. The report was launched online on the 19th November. You can watch the recording of the launch event here:<\/p>\n<div class=\"fusion-video fusion-youtube\" style=\"--awb-max-width:1450px;--awb-max-height:816px;\"><div class=\"video-shortcode\"><div class=\"fluid-width-video-wrapper\" style=\"padding-top:56.28%;\" ><iframe title=\"YouTube video player 1\" src=\"https:\/\/www.youtube.com\/embed\/?wmode=transparent&autoplay=0\" width=\"1450\" height=\"816\" allowfullscreen allow=\"autoplay; clipboard-write; encrypted-media; gyroscope; picture-in-picture;\"><\/iframe><\/div><\/div><\/div>\n<p>Contact <a href=\"mailto:sopr@detsocialenetvaerk.dk\"><b><u>sopr@detsocialenetvaerk.dk<\/u><\/b><\/a> if you\u2019d like to know more or would like to implement a similar approach in your context.<\/p>\n<\/div><\/div><\/div><div class=\"fusion-panel panel-default panel-70c66d5d0d7f69790 fusion-toggle-has-divider\" style=\"--awb-title-font-size:20px;--awb-title-color:var(--awb-color6);\"><div class=\"panel-heading\"><h4 class=\"panel-title toggle\" id=\"toggle_70c66d5d0d7f69790\"><a aria-expanded=\"false\" aria-controls=\"70c66d5d0d7f69790\" role=\"button\" data-toggle=\"collapse\" data-parent=\"#accordion-16011-1\" data-target=\"#70c66d5d0d7f69790\" href=\"#70c66d5d0d7f69790\"><span class=\"fusion-toggle-icon-wrapper\" aria-hidden=\"true\"><i class=\"fa-fusion-box active-icon fa-angle-right fas\" aria-hidden=\"true\"><\/i><i class=\"fa-fusion-box inactive-icon fa-angle-right fas\" aria-hidden=\"true\"><\/i><\/span><span class=\"fusion-toggle-heading\">Supporting Ukraine\u2019s young people<\/span><\/a><\/h4><\/div><div id=\"70c66d5d0d7f69790\" class=\"panel-collapse collapse\" aria-labelledby=\"toggle_70c66d5d0d7f69790\"><div class=\"panel-body toggle-content fusion-clearfix\">\n<p>Ukraine today faces profound social, economic, and political fragility after more than three years of war. The conflict has created widespread uncertainty, with children and young people facing some of the most severe challenges. Many live under extremely stressful conditions and are affected by the trauma of war.<\/p>\n<p>In 2022, Olena Zelenska launched the &#8220;All Ukrainian Mental Health&#8221; program, aiming to improve mental health services for children and young people through prevention efforts and by breaking down barriers to seeking help. Recognising the importance of accessible early intervention, Zelenska sought collaboration with headspace Denmark to address not only the horrors of war but also issues like loneliness, bullying, social isolation, and negative experiences on social media.<\/p>\n<p>The partnership between headspace Denmark and Ukraine was officially established in the autumn of 2024 through a two-year agreement with the Olena Zelenska Foundation, the Coordination Center for Mental Health, and Ukrainian civil society organisations.<\/p>\n<p>This collaboration has been built on mutual visits and meetings, laying the groundwork for a meaningful and long-term partnership. In April 2024, Olena Zelenska visited headspace Denmark, followed by headspace Denmark\u2019s participation in the Fourth Summit of First Ladies and Gentlemen in Kyiv, where former Prime Minister of Denmark, founder and patron Poul Nyrup Rasmussen delivered a keynote speech. Most recently, a Ukrainian delegation visited Denmark in November 2024 to outline a strategic plan. In 2025, we will host Ukrainian professionals for training in our counselling model, and volunteer recruitment, training and management practices.<\/p>\n<p>Youth Space 12-21 will be modelled on headspace Denmark\u2019s approach, which uses volunteer-led support to promote and prevent mental health issues among young people. headspace Denmark will spearhead capacity-building activities to empower local Ukrainian staff, focusing on volunteer management, service design, delivery, and engagement with public systems. Youth Space 12-21 will then take the lead in establishing the service, supported by partnerships with public authorities and other local stakeholders.<\/p>\n<p>By October 2025, the first five Youth Space centres are set to open, with plans for national scaling following the pilot phase. Support from Sagitta Charity Foundation and Stubkj\u00e6r Family Group make this project possible, and headspace Denmark and our Ukrainian partners are making important progress toward creating safe spaces for young people in Ukraine.<\/p>\n<p><strong><img decoding=\"async\" class=\"lazyload aligncenter wp-image-14176 size-large\" src=\"https:\/\/headspace.dk\/wp-content\/uploads\/2024\/12\/ukraine-billede-1024x681.jpg\" data-orig-src=\"https:\/\/headspace.dk\/wp-content\/uploads\/2024\/12\/ukraine-billede-1024x681.jpg\" alt=\"\" width=\"1024\" height=\"681\" srcset=\"data:image\/svg+xml,%3Csvg%20xmlns%3D%27http%3A%2F%2Fwww.w3.org%2F2000%2Fsvg%27%20width%3D%271024%27%20height%3D%27681%27%20viewBox%3D%270%200%201024%20681%27%3E%3Crect%20width%3D%271024%27%20height%3D%27681%27%20fill-opacity%3D%220%22%2F%3E%3C%2Fsvg%3E\" data-srcset=\"https:\/\/headspace.dk\/wp-content\/uploads\/2024\/12\/ukraine-billede-300x200.jpg 300w, https:\/\/headspace.dk\/wp-content\/uploads\/2024\/12\/ukraine-billede-768x511.jpg 768w, https:\/\/headspace.dk\/wp-content\/uploads\/2024\/12\/ukraine-billede-1024x681.jpg 1024w, https:\/\/headspace.dk\/wp-content\/uploads\/2024\/12\/ukraine-billede-1536x1021.jpg 1536w, https:\/\/headspace.dk\/wp-content\/uploads\/2024\/12\/ukraine-billede.jpg 1800w\" data-sizes=\"auto\" data-orig-sizes=\"(max-width: 1024px) 100vw, 1024px\" \/><\/strong><\/p>\n<p>Photo: Anton Kulakowski<\/p>\n<p><strong>Det Sociale Netv\u00e6rk at the Fourth Summit of First Ladies in Gentlemen<\/strong><\/p>\n<p>In September 2024 a delegation from Det Sociale Netv\u00e6rk, led by founder Poul Nyrup Rasmussen, visited Kyiv for the Fourth Summit of First Ladies and Gentlemen. The mental health of children and young people was high on the agenda, including recent research that demonstrated the significant psychological toll of the war on young people and the need for accessible early intervention services, such as what headspace Denmark offers.<\/p>\n<p>In his speech, Poul Nyrup Rasmussen highlighted the urgent need and the opportunity for headspace Denmark to provide support:<em> \u201cRussia&#8217;s war against Ukraine has put the country&#8217;s children and young people under daily pressure, and there is therefore a need for new and greater special help. Here, headspace Denmark can offer a collaboration that we know works and that can be built and expanded to all of Ukraine.\u201d<\/em><\/p>\n<p><img decoding=\"async\" class=\"lazyload alignnone size-full wp-image-12587\" src=\"https:\/\/headspace.dk\/wp-content\/uploads\/2024\/09\/A7407150-scaled.jpg\" data-orig-src=\"https:\/\/headspace.dk\/wp-content\/uploads\/2024\/09\/A7407150-scaled.jpg\" alt=\"\" width=\"2560\" height=\"1707\" srcset=\"data:image\/svg+xml,%3Csvg%20xmlns%3D%27http%3A%2F%2Fwww.w3.org%2F2000%2Fsvg%27%20width%3D%272560%27%20height%3D%271707%27%20viewBox%3D%270%200%202560%201707%27%3E%3Crect%20width%3D%272560%27%20height%3D%271707%27%20fill-opacity%3D%220%22%2F%3E%3C%2Fsvg%3E\" data-srcset=\"https:\/\/headspace.dk\/wp-content\/uploads\/2024\/09\/A7407150-300x200.jpg 300w, https:\/\/headspace.dk\/wp-content\/uploads\/2024\/09\/A7407150-500x333.jpg 500w, https:\/\/headspace.dk\/wp-content\/uploads\/2024\/09\/A7407150-700x467.jpg 700w, https:\/\/headspace.dk\/wp-content\/uploads\/2024\/09\/A7407150-768x512.jpg 768w, https:\/\/headspace.dk\/wp-content\/uploads\/2024\/09\/A7407150-1024x683.jpg 1024w, https:\/\/headspace.dk\/wp-content\/uploads\/2024\/09\/A7407150-1536x1024.jpg 1536w, https:\/\/headspace.dk\/wp-content\/uploads\/2024\/09\/A7407150-scaled.jpg 2560w\" data-sizes=\"auto\" data-orig-sizes=\"(max-width: 2560px) 100vw, 2560px\" \/><\/p>\n<p>Read more about The Fourth Summit of First Ladies and Gentlemen <a href=\"https:\/\/summitflg.org\/en\/\"><b>here<\/b><\/a>.<\/p>\n<\/div><\/div><\/div><div class=\"fusion-panel panel-default panel-7b771251a53086b5f fusion-toggle-has-divider\" style=\"--awb-title-font-size:20px;--awb-title-color:var(--awb-color6);\"><div class=\"panel-heading\"><h4 class=\"panel-title toggle\" id=\"toggle_7b771251a53086b5f\"><a aria-expanded=\"false\" aria-controls=\"7b771251a53086b5f\" role=\"button\" data-toggle=\"collapse\" data-parent=\"#accordion-16011-1\" data-target=\"#7b771251a53086b5f\" href=\"#7b771251a53086b5f\"><span class=\"fusion-toggle-icon-wrapper\" aria-hidden=\"true\"><i class=\"fa-fusion-box active-icon fa-angle-right fas\" aria-hidden=\"true\"><\/i><i class=\"fa-fusion-box inactive-icon fa-angle-right fas\" aria-hidden=\"true\"><\/i><\/span><span class=\"fusion-toggle-heading\">Nordic Collaboration<\/span><\/a><\/h4><\/div><div id=\"7b771251a53086b5f\" class=\"panel-collapse collapse\" aria-labelledby=\"toggle_7b771251a53086b5f\"><div class=\"panel-body toggle-content fusion-clearfix\">\n<p>Bergi\u00f0 in Iceland, Mental Helse in Norway and headspace Denmark have agreed to collaborate on improving children&#8217;s and young people&#8217;s wellbeing across the Nordic region. The collaboration has four primary goals:<\/p>\n<ol>\n<li>To ensure that health promotion and prevention take a much more central position in youth mental health support.<\/li>\n<li>To advocate for the essential involvement of civil society in providing support to children and young people, in collaboration with the public sector.<\/li>\n<li>To advocate for sustainable and long-term financing of civil society proposals such as headspace throughout the Nordic region, allowing us to focus on helping young people rather than seeking funding; and<\/li>\n<li>To expand our approach to all the Nordic countries, adapted to local conditions and traditions.<\/li>\n<\/ol>\n<p>The Nordic collaboration aims to revolutionise the Nordic welfare models in order to reverse the trends of mental distress among children and young people. One of the means is a stronger commitment to collaboration between the Nordic governments, municipalities, and civil society in the Nordic countries. Increased support for contributions from civil society can also alleviate the shortage of qualified labour within public health services in the Nordic countries.<\/p>\n<p>Every year we gather for our annual international conference, which we host on a rotating basis.<\/p>\n<p><strong>Let\u2019s invest in mental health, 2024<\/strong><\/p>\n<p>In November 2024, headspace Denmark hosted the conference titled, <em>Let\u2019s invest in mental health.<\/em> The event took place at Copenhagen\u2019s Royal Danish Theatre and brought together researchers, politicians, business leaders, and young people from across the Nordic countries to discuss the importance of investing in youth mental health.<\/p>\n<p>The Danish Finance Minister Nicolai Wammen opened the conference with a speech emphasising the importance of prioritising mental wellbeing, not only as a minister but also as a father.<\/p>\n<p>A key topic was the inclusion of young people in decision-making processes. The day\u2019s debates included discussions on young people\u2019s expectations of the labour market, presented by Christine Ravn Lund of the Danish Youth Council and Falck CEO Jakob Riis. A youth panel also shared their perspectives on challenges such as future uncertainty, finances, and well-being.<\/p>\n<p>The conference featured international contributions, including insights from Professor Martin Knapp, who highlighted the economic benefits of investing in mental health, and WHO\u2019s Cassie Redlich, who showcased effective health initiatives.<\/p>\n<p>A heartfelt thanks to all participants and moderator Nynne Bjerre Christensen for an inspiring day that strengthened collaboration on youth mental wellbeing both in the Nordic region and globally. As former Prime Minister of Denmark and founder Poul Nyrup Rasmussen concluded: \u201cThose who give much, receive much.\u201d<\/p>\n<p><img decoding=\"async\" class=\"lazyload alignnone size-full wp-image-13476\" src=\"https:\/\/headspace.dk\/wp-content\/uploads\/2024\/11\/hs-nordic-gruppe-scaled.jpg\" data-orig-src=\"https:\/\/headspace.dk\/wp-content\/uploads\/2024\/11\/hs-nordic-gruppe-scaled.jpg\" alt=\"\" width=\"2560\" height=\"1440\" srcset=\"data:image\/svg+xml,%3Csvg%20xmlns%3D%27http%3A%2F%2Fwww.w3.org%2F2000%2Fsvg%27%20width%3D%272560%27%20height%3D%271440%27%20viewBox%3D%270%200%202560%201440%27%3E%3Crect%20width%3D%272560%27%20height%3D%271440%27%20fill-opacity%3D%220%22%2F%3E%3C%2Fsvg%3E\" data-srcset=\"https:\/\/headspace.dk\/wp-content\/uploads\/2024\/11\/hs-nordic-gruppe-300x169.jpg 300w, https:\/\/headspace.dk\/wp-content\/uploads\/2024\/11\/hs-nordic-gruppe-500x281.jpg 500w, https:\/\/headspace.dk\/wp-content\/uploads\/2024\/11\/hs-nordic-gruppe-700x394.jpg 700w, https:\/\/headspace.dk\/wp-content\/uploads\/2024\/11\/hs-nordic-gruppe-768x432.jpg 768w, https:\/\/headspace.dk\/wp-content\/uploads\/2024\/11\/hs-nordic-gruppe-1024x576.jpg 1024w, https:\/\/headspace.dk\/wp-content\/uploads\/2024\/11\/hs-nordic-gruppe-1536x864.jpg 1536w, https:\/\/headspace.dk\/wp-content\/uploads\/2024\/11\/hs-nordic-gruppe-scaled.jpg 2560w\" data-sizes=\"auto\" data-orig-sizes=\"(max-width: 2560px) 100vw, 2560px\" \/><\/p>\n<p>Image: Poul Nyrup Rasmussen and the panel of young people at the Nordic Conference 2024<\/p>\n<p><strong>The Nordic Collaboration\u2019s focus in 2025: mental health in the workplace<\/strong><\/p>\n<p>Challenges with finding employment, or with their current job, are common reasons that young people seek support from headspace in Denmark, Norway and Iceland. Further, disengagement from education and work is a growing challenge and a political priority across Europe. For this reason, workplace mental health is the Nordic collaboration\u2019s priority for 2025, and we are exploring partnerships to scaffold young people\u2019s transition into the workforce, promote wellbeing and prevent disengagement from young people in employment, and build the capacity of employers to promote mental wellbeing among their young employees.<\/p>\n<\/div><\/div><\/div><div class=\"fusion-panel panel-default panel-49f14b69841001df4 fusion-toggle-has-divider\" style=\"--awb-title-font-size:20px;--awb-title-color:var(--awb-color6);\"><div class=\"panel-heading\"><h4 class=\"panel-title toggle\" id=\"toggle_49f14b69841001df4\"><a aria-expanded=\"false\" aria-controls=\"49f14b69841001df4\" role=\"button\" data-toggle=\"collapse\" data-parent=\"#accordion-16011-1\" data-target=\"#49f14b69841001df4\" href=\"#49f14b69841001df4\"><span class=\"fusion-toggle-icon-wrapper\" aria-hidden=\"true\"><i class=\"fa-fusion-box active-icon fa-angle-right fas\" aria-hidden=\"true\"><\/i><i class=\"fa-fusion-box inactive-icon fa-angle-right fas\" aria-hidden=\"true\"><\/i><\/span><span class=\"fusion-toggle-heading\"> International Association of Youth Mental Health conference, Canada 2025<\/span><\/a><\/h4><\/div><div id=\"49f14b69841001df4\" class=\"panel-collapse collapse\" aria-labelledby=\"toggle_49f14b69841001df4\"><div class=\"panel-body toggle-content fusion-clearfix\">\n<p>headspace Denmark was excited to once again participate in the International Association of Youth Mental Health conference, hosted in March 2025 in Vancouver, Canada. The event was a valuable opportunity to share some of our exciting work:<\/p>\n<ul>\n<li>Initial results from the recent evaluation of headspace Denmark, presented by Trine Hammersh\u00f8y, CEO of headspace Denmark\n<ul>\n<li><a href=\"https:\/\/virtual.oxfordabstracts.com\/event\/29993\/submission\/997\">View the abstract<\/a><\/li>\n<li><a href=\"https:\/\/headspace.dk\/wp-content\/uploads\/2025\/03\/CORE-evalaluation-a5-flyer-eng.pdf\">Download the evaluation flyer here<\/a><\/li>\n<\/ul>\n<\/li>\n<li>The goals and opportunities for the Nordic Collaboration, presented by Nina Moss, Head of the International Department\n<ul>\n<li><a href=\"https:\/\/virtual.oxfordabstracts.com\/event\/29993\/submission\/123\">View the abstract here<\/a><\/li>\n<li><a href=\"https:\/\/headspace.dk\/wp-content\/uploads\/2025\/03\/headspace-Nordic-a4.pdf\">Download the Nordic Collaboration flyer here<\/a><\/li>\n<\/ul>\n<\/li>\n<li>The headspace Family pilot program, presented by Trine Hammersh\u00f8y, CEO of headspace Denmark\n<ul>\n<li><a href=\"https:\/\/virtual.oxfordabstracts.com\/event\/29993\/submission\/117\">View the abstract here<\/a><\/li>\n<\/ul>\n<\/li>\n<li>The When Something Makes You Happy board game, designed to promote reflective conversations about wellbeing, presented by Nadia Kamber Aa, project manager at headspace Denmark\n<ul>\n<li><a href=\"https:\/\/virtual.oxfordabstracts.com\/event\/29993\/submission\/122\">View the abstract here<\/a><\/li>\n<\/ul>\n<\/li>\n<li>headspace Denmark\u2019s health promotion outreach activities\n<ul>\n<li><a href=\"https:\/\/virtual.oxfordabstracts.com\/event\/29993\/submission\/107\">View the abstract here<\/a><\/li>\n<\/ul>\n<\/li>\n<li>The mindU program, promoting wellbeing among young people preparing for confirmation\n<ul>\n<li><a href=\"https:\/\/virtual.oxfordabstracts.com\/event\/29993\/submission\/121\">View the abstract here<\/a><\/li>\n<\/ul>\n<\/li>\n<\/ul>\n<\/div><\/div><\/div><div class=\"fusion-panel panel-default panel-f67b13f41499d12d4 fusion-toggle-has-divider\" style=\"--awb-title-font-size:20px;--awb-title-color:var(--awb-color6);\"><div class=\"panel-heading\"><h4 class=\"panel-title toggle\" id=\"toggle_f67b13f41499d12d4\"><a aria-expanded=\"false\" aria-controls=\"f67b13f41499d12d4\" role=\"button\" data-toggle=\"collapse\" data-parent=\"#accordion-16011-1\" data-target=\"#f67b13f41499d12d4\" href=\"#f67b13f41499d12d4\"><span class=\"fusion-toggle-icon-wrapper\" aria-hidden=\"true\"><i class=\"fa-fusion-box active-icon fa-angle-right fas\" aria-hidden=\"true\"><\/i><i class=\"fa-fusion-box inactive-icon fa-angle-right fas\" aria-hidden=\"true\"><\/i><\/span><span class=\"fusion-toggle-heading\">European Parliament working lunch<\/span><\/a><\/h4><\/div><div id=\"f67b13f41499d12d4\" class=\"panel-collapse collapse\" aria-labelledby=\"toggle_f67b13f41499d12d4\"><div class=\"panel-body toggle-content fusion-clearfix\">\n<p>In collaboration with MEP Christel Schaldemose, Vice President of European Parliament, we hosted a working lunch in January 2025 titled: <em>a cross-sector\u00adal, coll\u00adabor\u00adative \u00adappro\u00adach to youth ment\u00adal hea\u00adlth \u00adand the role of civil society in health promotion, prevention \u00adand ea\u00adrly intervention<\/em>. This event brought together 60 delegates from the European Parliament, European Commission, the World Health Organisation, the World Economic Forum, NGOs across Europe and young people for an engaging discussion on opportunities for civil society in improving the mental health of young people across Europe.<\/p>\n<p><img decoding=\"async\" class=\"lazyload alignnone size-full wp-image-16016\" src=\"data:image\/svg+xml,%3Csvg%20xmlns%3D%27http%3A%2F%2Fwww.w3.org%2F2000%2Fsvg%27%20width%3D%27716%27%20height%3D%27953%27%20viewBox%3D%270%200%20716%20953%27%3E%3Crect%20width%3D%27716%27%20height%3D%27953%27%20fill-opacity%3D%220%22%2F%3E%3C%2Fsvg%3E\" data-orig-src=\"https:\/\/headspace.dk\/wp-content\/uploads\/2025\/03\/Billede1.jpg\" alt=\"\" width=\"716\" height=\"953\" \/><\/p>\n<p>Image:MEP Christel Schaldemose, MEP Villy S\u00f8vndal and Trine Hammersh\u00f8y<\/p>\n<p>The event opened with an address from MEP Christel Schaldemose, identifying the importance of youth mental health on the European Parliament agenda, and stories from two young people: Anna-Sophie Albrink Hautopp, who shared her experience of counselling support from headspace Denmark, and Misha Meijers, a young peer volunteer at @ease in the Netherlands. Dr Mark van Ommeren, Head of the Mental Health Unit at the WHO Headquarters, then highlighted the value and effectiveness of non-specialist approaches to mental healthcare across the world, and Dr Ruma Bhargava, Global Lead of Mental Health at the World Economic Forum, recognised the importance of public-private collaboration to meet the mental health needs of young people. The important and effective contributions civil society is already making in this area were then clearly demonstrated by Poul Nyrup Rasmussen and Trine Hammersh\u00f8y of headspace Denmark, Britta Lange of the Guldborgsund Municipality and Therese van Amelsvoort from @ease. We concluded with a lively discussion about next steps.<\/p>\n<p>You can see the <b><a href=\"https:\/\/headspace.dk\/wp-content\/uploads\/2025\/03\/EUP-working-lunch-program.pdf\">program<\/a><\/b> and <b><a href=\"https:\/\/headspace.dk\/wp-content\/uploads\/2025\/03\/EUPworkinglunchpaper-compressed.pdf\">key messages <\/a><\/b>here.<\/p>\n<p><img decoding=\"async\" class=\"lazyload alignnone wp-image-16392\" src=\"data:image\/svg+xml,%3Csvg%20xmlns%3D%27http%3A%2F%2Fwww.w3.org%2F2000%2Fsvg%27%20width%3D%271000%27%20height%3D%27991%27%20viewBox%3D%270%200%201000%20991%27%3E%3Crect%20width%3D%271000%27%20height%3D%27991%27%20fill-opacity%3D%220%22%2F%3E%3C%2Fsvg%3E\" data-orig-src=\"https:\/\/headspace.dk\/wp-content\/uploads\/2025\/05\/thumbnail_PNR-CS.jpg\" alt=\"\" width=\"1000\" height=\"991\" \/><\/p>\n<p>Image: Poul Nyrup Rasmussen and MEP Christel Schaldemose<\/p>\n<\/div><\/div><\/div><\/div><\/div><\/div><\/div><\/div><\/div><div class=\"fusion-fullwidth fullwidth-box fusion-builder-row-4 fusion-flex-container has-pattern-background has-mask-background nonhundred-percent-fullwidth non-hundred-percent-height-scrolling\" style=\"--awb-border-radius-top-left:0px;--awb-border-radius-top-right:0px;--awb-border-radius-bottom-right:0px;--awb-border-radius-bottom-left:0px;--awb-min-height:70vh;--awb-flex-wrap:wrap;\" ><div class=\"fusion-builder-row fusion-row fusion-flex-align-items-flex-start fusion-flex-align-content-center fusion-flex-justify-content-center fusion-flex-content-wrap\" style=\"max-width:1508px;margin-left: calc(-4% \/ 2 );margin-right: calc(-4% \/ 2 );\"><div class=\"fusion-layout-column fusion_builder_column fusion-builder-column-3 fusion_builder_column_4_5 4_5 fusion-flex-column\" style=\"--awb-bg-size:cover;--awb-width-large:80%;--awb-margin-top-large:0px;--awb-spacing-right-large:0%;--awb-margin-bottom-large:0px;--awb-spacing-left-large:0%;--awb-width-medium:80%;--awb-order-medium:0;--awb-spacing-right-medium:0%;--awb-spacing-left-medium:0%;--awb-width-small:100%;--awb-order-small:0;--awb-spacing-right-small:1.92%;--awb-spacing-left-small:1.92%;\"><div class=\"fusion-column-wrapper fusion-column-has-shadow fusion-flex-justify-content-flex-start fusion-content-layout-column\"><div class=\"fusion-title title fusion-title-3 fusion-sep-none fusion-title-text fusion-title-size-two\" style=\"--awb-text-color:var(--awb-color6);--awb-margin-top:20px;--awb-margin-top-small:10px;--awb-margin-right-small:0px;--awb-margin-bottom-small:10px;--awb-margin-left-small:0px;\"><h2 class=\"fusion-title-heading title-heading-left fusion-responsive-typography-calculated\" style=\"margin:0;--fontSize:22.5;line-height:var(--awb-typography1-line-height);\"><strong>Contact Us<\/strong><\/h2><\/div><div class=\"fusion-text fusion-text-2\"><p>Interested in collaborating, or want to learn more? Reach out to the team below.<\/p>\n<\/div><div class=\"fusion-builder-row fusion-builder-row-inner fusion-row fusion-flex-align-items-flex-start fusion-flex-align-content-center fusion-flex-justify-content-center fusion-flex-content-wrap\" style=\"--awb-flex-grow:0;--awb-flex-grow-medium:0;--awb-flex-grow-small:0;--awb-flex-shrink:0;--awb-flex-shrink-medium:0;--awb-flex-shrink-small:0;width:104% !important;max-width:104% !important;margin-left: calc(-4% \/ 2 );margin-right: calc(-4% \/ 2 );\"><div class=\"fusion-layout-column fusion_builder_column_inner fusion-builder-nested-column-0 fusion_builder_column_inner_1_3 1_3 fusion-flex-column\" style=\"--awb-bg-size:cover;--awb-width-large:33.333333333333%;--awb-margin-top-large:0px;--awb-spacing-right-large:5.76%;--awb-margin-bottom-large:20px;--awb-spacing-left-large:5.76%;--awb-width-medium:33.333333333333%;--awb-order-medium:0;--awb-spacing-right-medium:5.76%;--awb-spacing-left-medium:5.76%;--awb-width-small:100%;--awb-order-small:0;--awb-spacing-right-small:1.92%;--awb-spacing-left-small:1.92%;\"><div class=\"fusion-column-wrapper fusion-column-has-shadow fusion-flex-justify-content-flex-start fusion-content-layout-column\"><div class=\"fusion-image-element\" style=\"--awb-caption-title-font-family:var(--h2_typography-font-family);--awb-caption-title-font-weight:var(--h2_typography-font-weight);--awb-caption-title-font-style:var(--h2_typography-font-style);--awb-caption-title-size:var(--h2_typography-font-size);--awb-caption-title-transform:var(--h2_typography-text-transform);--awb-caption-title-line-height:var(--h2_typography-line-height);--awb-caption-title-letter-spacing:var(--h2_typography-letter-spacing);\"><span class=\"fusion-imageframe imageframe-none imageframe-1 hover-type-none\"><img decoding=\"async\" width=\"1080\" height=\"1080\" title=\"Nina\" src=\"data:image\/svg+xml,%3Csvg%20xmlns%3D%27http%3A%2F%2Fwww.w3.org%2F2000%2Fsvg%27%20width%3D%271080%27%20height%3D%271080%27%20viewBox%3D%270%200%201080%201080%27%3E%3Crect%20width%3D%271080%27%20height%3D%271080%27%20fill-opacity%3D%220%22%2F%3E%3C%2Fsvg%3E\" data-orig-src=\"https:\/\/headspace.dk\/wp-content\/uploads\/2025\/03\/Nina-1.png\" alt class=\"lazyload img-responsive wp-image-16065\"\/><\/span><\/div><div class=\"fusion-text fusion-text-3\" style=\"--awb-text-color:var(--awb-color6);--awb-margin-top:10px;\"><p style=\"text-align: center;\"><strong>Nina Moss<\/strong><br \/>\nHead of the International Department <a href=\"mailto:nimo@detsocialenetvaerk.dk\">nimo@detsocialenetvaerk.dk<\/a><\/p>\n<\/div><\/div><\/div><div class=\"fusion-layout-column fusion_builder_column_inner fusion-builder-nested-column-1 fusion_builder_column_inner_1_3 1_3 fusion-flex-column\" style=\"--awb-bg-size:cover;--awb-width-large:33.333333333333%;--awb-margin-top-large:0px;--awb-spacing-right-large:5.76%;--awb-margin-bottom-large:20px;--awb-spacing-left-large:5.76%;--awb-width-medium:33.333333333333%;--awb-order-medium:0;--awb-spacing-right-medium:5.76%;--awb-spacing-left-medium:5.76%;--awb-width-small:100%;--awb-order-small:0;--awb-spacing-right-small:1.92%;--awb-spacing-left-small:1.92%;\"><div class=\"fusion-column-wrapper fusion-column-has-shadow fusion-flex-justify-content-flex-start fusion-content-layout-column\"><div class=\"fusion-image-element\" style=\"--awb-caption-title-font-family:var(--h2_typography-font-family);--awb-caption-title-font-weight:var(--h2_typography-font-weight);--awb-caption-title-font-style:var(--h2_typography-font-style);--awb-caption-title-size:var(--h2_typography-font-size);--awb-caption-title-transform:var(--h2_typography-text-transform);--awb-caption-title-line-height:var(--h2_typography-line-height);--awb-caption-title-letter-spacing:var(--h2_typography-letter-spacing);\"><span class=\"fusion-imageframe imageframe-none imageframe-2 hover-type-none\"><img decoding=\"async\" width=\"1080\" height=\"1080\" title=\"julia\" src=\"data:image\/svg+xml,%3Csvg%20xmlns%3D%27http%3A%2F%2Fwww.w3.org%2F2000%2Fsvg%27%20width%3D%271080%27%20height%3D%271080%27%20viewBox%3D%270%200%201080%201080%27%3E%3Crect%20width%3D%271080%27%20height%3D%271080%27%20fill-opacity%3D%220%22%2F%3E%3C%2Fsvg%3E\" data-orig-src=\"https:\/\/headspace.dk\/wp-content\/uploads\/2025\/03\/julia-1.png\" alt class=\"lazyload img-responsive wp-image-16063\"\/><\/span><\/div><div class=\"fusion-text fusion-text-4\" style=\"--awb-text-color:var(--awb-color6);--awb-margin-top:10px;\"><p style=\"text-align: center;\"><strong>Julia Adelsten Olsen<\/strong><br \/>\nProject Consultant <a href=\"mailto:jaol@detsocialenetvaerk.dk\">jaol@detsocialenetvaerk.dk<\/a><\/p>\n<\/div><\/div><\/div><div class=\"fusion-layout-column fusion_builder_column_inner fusion-builder-nested-column-2 fusion_builder_column_inner_1_3 1_3 fusion-flex-column\" style=\"--awb-bg-size:cover;--awb-width-large:33.333333333333%;--awb-margin-top-large:0px;--awb-spacing-right-large:5.76%;--awb-margin-bottom-large:20px;--awb-spacing-left-large:5.76%;--awb-width-medium:33.333333333333%;--awb-order-medium:0;--awb-spacing-right-medium:5.76%;--awb-spacing-left-medium:5.76%;--awb-width-small:100%;--awb-order-small:0;--awb-spacing-right-small:1.92%;--awb-spacing-left-small:1.92%;\"><div class=\"fusion-column-wrapper fusion-column-has-shadow fusion-flex-justify-content-flex-start fusion-content-layout-column\"><div class=\"fusion-image-element\" style=\"--awb-caption-title-font-family:var(--h2_typography-font-family);--awb-caption-title-font-weight:var(--h2_typography-font-weight);--awb-caption-title-font-style:var(--h2_typography-font-style);--awb-caption-title-size:var(--h2_typography-font-size);--awb-caption-title-transform:var(--h2_typography-text-transform);--awb-caption-title-line-height:var(--h2_typography-line-height);--awb-caption-title-letter-spacing:var(--h2_typography-letter-spacing);\"><span class=\"fusion-imageframe imageframe-none imageframe-3 hover-type-none\"><img decoding=\"async\" width=\"1024\" height=\"1024\" alt=\"Sophie, international medarbejder headspace Danmark\" src=\"data:image\/svg+xml,%3Csvg%20xmlns%3D%27http%3A%2F%2Fwww.w3.org%2F2000%2Fsvg%27%20width%3D%271080%27%20height%3D%271080%27%20viewBox%3D%270%200%201080%201080%27%3E%3Crect%20width%3D%271080%27%20height%3D%271080%27%20fill-opacity%3D%220%22%2F%3E%3C%2Fsvg%3E\" data-orig-src=\"https:\/\/headspace.dk\/wp-content\/uploads\/2025\/11\/Nye-medarbejderbilleder-dsn-1024x1024.png\" class=\"lazyload img-responsive wp-image-19331\"\/><\/span><\/div><div class=\"fusion-text fusion-text-5\" style=\"--awb-text-color:var(--awb-color6);--awb-margin-top:10px;\"><p style=\"text-align: center;\"><strong>Sophie Prober<\/strong><br \/>\nInternational Consultant <a href=\"mailto:sopr@detsocialenetvaerk.dk\">sopr@detsocialenetvaerk.dk<\/a><\/p>\n<\/div><div class=\"fusion-image-element\" style=\"--awb-caption-title-font-family:var(--h2_typography-font-family);--awb-caption-title-font-weight:var(--h2_typography-font-weight);--awb-caption-title-font-style:var(--h2_typography-font-style);--awb-caption-title-size:var(--h2_typography-font-size);--awb-caption-title-transform:var(--h2_typography-text-transform);--awb-caption-title-line-height:var(--h2_typography-line-height);--awb-caption-title-letter-spacing:var(--h2_typography-letter-spacing);\"><span class=\"fusion-imageframe imageframe-none imageframe-4 hover-type-none\"><img decoding=\"async\" src=\"data:image\/gif;base64,R0lGODlhAQABAAAAACH5BAEKAAEALAAAAAABAAEAAAICTAEAOw==\" data-orig-src=\"https:\/\/headspace.dk\/wp-content\/uploads\/2025\/03\/Thomas-1.png\" alt class=\"lazyload img-responsive\"\/><\/span><\/div><\/div><\/div><\/div><\/div><\/div><\/div><\/div><\/p>","protected":false},"excerpt":{"rendered":"","protected":false},"author":486,"featured_media":0,"parent":0,"menu_order":0,"comment_status":"closed","ping_status":"closed","template":"100-width.php","meta":{"footnotes":""},"class_list":["post-16011","page","type-page","status-publish","hentry"],"yoast_head":"<!-- This site is optimized with the Yoast SEO plugin v27.5 - https:\/\/yoast.com\/product\/yoast-seo-wordpress\/ -->\n<title>headspace \u2013 internationale projekter og samarbejder<\/title>\n<meta name=\"description\" content=\"The International Team at Headspace Denmark fosters global youth mental health collaboration and spreads our volunteer-based approach.\" \/>\n<meta name=\"robots\" content=\"index, follow, max-snippet:-1, max-image-preview:large, max-video-preview:-1\" \/>\n<link rel=\"canonical\" href=\"https:\/\/headspace.dk\/en\/international-activities\/\" \/>\n<meta property=\"og:locale\" content=\"en_US\" \/>\n<meta property=\"og:type\" content=\"article\" \/>\n<meta property=\"og:title\" content=\"headspace \u2013 internationale projekter og samarbejder\" \/>\n<meta property=\"og:description\" content=\"The International Team at Headspace Denmark fosters global youth mental health collaboration and spreads our volunteer-based approach.\" \/>\n<meta property=\"og:url\" content=\"https:\/\/headspace.dk\/en\/international-activities\/\" \/>\n<meta property=\"og:site_name\" content=\"headspace\" \/>\n<meta property=\"article:publisher\" content=\"https:\/\/www.facebook.com\/HeadspaceDanmark\/\" \/>\n<meta property=\"article:modified_time\" content=\"2026-03-12T15:34:00+00:00\" \/>\n<meta property=\"og:image\" content=\"https:\/\/headspace.dk\/wp-content\/uploads\/2025\/11\/11-1024x683.jpg\" \/>\n\t<meta property=\"og:image:width\" content=\"1024\" \/>\n\t<meta property=\"og:image:height\" content=\"683\" \/>\n\t<meta property=\"og:image:type\" content=\"image\/jpeg\" \/>\n<meta name=\"twitter:card\" content=\"summary_large_image\" \/>\n<meta name=\"twitter:label1\" content=\"Est. reading time\" \/>\n\t<meta name=\"twitter:data1\" content=\"21 minutes\" \/>\n<script type=\"application\/ld+json\" class=\"yoast-schema-graph\">{\"@context\":\"https:\\\/\\\/schema.org\",\"@graph\":[{\"@type\":\"WebPage\",\"@id\":\"https:\\\/\\\/headspace.dk\\\/international-activities\\\/\",\"url\":\"https:\\\/\\\/headspace.dk\\\/international-activities\\\/\",\"name\":\"headspace \u2013 internationale projekter og samarbejder\",\"isPartOf\":{\"@id\":\"https:\\\/\\\/headspace.dk\\\/#website\"},\"primaryImageOfPage\":{\"@id\":\"https:\\\/\\\/headspace.dk\\\/international-activities\\\/#primaryimage\"},\"image\":{\"@id\":\"https:\\\/\\\/headspace.dk\\\/international-activities\\\/#primaryimage\"},\"thumbnailUrl\":\"https:\\\/\\\/headspace.dk\\\/wp-content\\\/uploads\\\/2025\\\/11\\\/11-1024x683.jpg\",\"datePublished\":\"2025-03-14T12:57:16+00:00\",\"dateModified\":\"2026-03-12T15:34:00+00:00\",\"description\":\"The International Team at Headspace Denmark fosters global youth mental health collaboration and spreads our volunteer-based approach.\",\"breadcrumb\":{\"@id\":\"https:\\\/\\\/headspace.dk\\\/international-activities\\\/#breadcrumb\"},\"inLanguage\":\"en-US\",\"potentialAction\":[{\"@type\":\"ReadAction\",\"target\":[\"https:\\\/\\\/headspace.dk\\\/international-activities\\\/\"]}]},{\"@type\":\"ImageObject\",\"inLanguage\":\"en-US\",\"@id\":\"https:\\\/\\\/headspace.dk\\\/international-activities\\\/#primaryimage\",\"url\":\"https:\\\/\\\/headspace.dk\\\/wp-content\\\/uploads\\\/2025\\\/11\\\/11-1024x683.jpg\",\"contentUrl\":\"https:\\\/\\\/headspace.dk\\\/wp-content\\\/uploads\\\/2025\\\/11\\\/11-1024x683.jpg\"},{\"@type\":\"BreadcrumbList\",\"@id\":\"https:\\\/\\\/headspace.dk\\\/international-activities\\\/#breadcrumb\",\"itemListElement\":[{\"@type\":\"ListItem\",\"position\":1,\"name\":\"Hjem\",\"item\":\"https:\\\/\\\/headspace.dk\\\/\"},{\"@type\":\"ListItem\",\"position\":2,\"name\":\"International Activities\"}]},{\"@type\":\"WebSite\",\"@id\":\"https:\\\/\\\/headspace.dk\\\/#website\",\"url\":\"https:\\\/\\\/headspace.dk\\\/\",\"name\":\"headspace\",\"description\":\"vi er nogen at tale med\",\"publisher\":{\"@id\":\"https:\\\/\\\/headspace.dk\\\/#organization\"},\"potentialAction\":[{\"@type\":\"SearchAction\",\"target\":{\"@type\":\"EntryPoint\",\"urlTemplate\":\"https:\\\/\\\/headspace.dk\\\/?s={search_term_string}\"},\"query-input\":{\"@type\":\"PropertyValueSpecification\",\"valueRequired\":true,\"valueName\":\"search_term_string\"}}],\"inLanguage\":\"en-US\"},{\"@type\":\"Organization\",\"@id\":\"https:\\\/\\\/headspace.dk\\\/#organization\",\"name\":\"headspace\",\"url\":\"https:\\\/\\\/headspace.dk\\\/\",\"logo\":{\"@type\":\"ImageObject\",\"inLanguage\":\"en-US\",\"@id\":\"https:\\\/\\\/headspace.dk\\\/#\\\/schema\\\/logo\\\/image\\\/\",\"url\":\"https:\\\/\\\/headspace.dk\\\/wp-content\\\/uploads\\\/2024\\\/06\\\/3.png\",\"contentUrl\":\"https:\\\/\\\/headspace.dk\\\/wp-content\\\/uploads\\\/2024\\\/06\\\/3.png\",\"width\":1080,\"height\":1080,\"caption\":\"headspace\"},\"image\":{\"@id\":\"https:\\\/\\\/headspace.dk\\\/#\\\/schema\\\/logo\\\/image\\\/\"},\"sameAs\":[\"https:\\\/\\\/www.facebook.com\\\/HeadspaceDanmark\\\/\",\"https:\\\/\\\/www.tiktok.com\\\/@headspacedanmark\",\"https:\\\/\\\/www.instagram.com\\\/headspacedanmark\\\/\"]}]}<\/script>\n<!-- \/ Yoast SEO plugin. -->","yoast_head_json":{"title":"headspace - international projects and collaborations","description":"The International Team at Headspace Denmark fosters global youth mental health collaboration and spreads our volunteer-based approach.","robots":{"index":"index","follow":"follow","max-snippet":"max-snippet:-1","max-image-preview":"max-image-preview:large","max-video-preview":"max-video-preview:-1"},"canonical":"https:\/\/headspace.dk\/en\/international-activities\/","og_locale":"en_US","og_type":"article","og_title":"headspace \u2013 internationale projekter og samarbejder","og_description":"The International Team at Headspace Denmark fosters global youth mental health collaboration and spreads our volunteer-based approach.","og_url":"https:\/\/headspace.dk\/en\/international-activities\/","og_site_name":"headspace","article_publisher":"https:\/\/www.facebook.com\/HeadspaceDanmark\/","article_modified_time":"2026-03-12T15:34:00+00:00","og_image":[{"width":1024,"height":683,"url":"https:\/\/headspace.dk\/wp-content\/uploads\/2025\/11\/11-1024x683.jpg","type":"image\/jpeg"}],"twitter_card":"summary_large_image","twitter_misc":{"Est. reading time":"21 minutes"},"schema":{"@context":"https:\/\/schema.org","@graph":[{"@type":"WebPage","@id":"https:\/\/headspace.dk\/international-activities\/","url":"https:\/\/headspace.dk\/international-activities\/","name":"headspace - international projects and collaborations","isPartOf":{"@id":"https:\/\/headspace.dk\/#website"},"primaryImageOfPage":{"@id":"https:\/\/headspace.dk\/international-activities\/#primaryimage"},"image":{"@id":"https:\/\/headspace.dk\/international-activities\/#primaryimage"},"thumbnailUrl":"https:\/\/headspace.dk\/wp-content\/uploads\/2025\/11\/11-1024x683.jpg","datePublished":"2025-03-14T12:57:16+00:00","dateModified":"2026-03-12T15:34:00+00:00","description":"The International Team at Headspace Denmark fosters global youth mental health collaboration and spreads our volunteer-based approach.","breadcrumb":{"@id":"https:\/\/headspace.dk\/international-activities\/#breadcrumb"},"inLanguage":"en-US","potentialAction":[{"@type":"ReadAction","target":["https:\/\/headspace.dk\/international-activities\/"]}]},{"@type":"ImageObject","inLanguage":"en-US","@id":"https:\/\/headspace.dk\/international-activities\/#primaryimage","url":"https:\/\/headspace.dk\/wp-content\/uploads\/2025\/11\/11-1024x683.jpg","contentUrl":"https:\/\/headspace.dk\/wp-content\/uploads\/2025\/11\/11-1024x683.jpg"},{"@type":"BreadcrumbList","@id":"https:\/\/headspace.dk\/international-activities\/#breadcrumb","itemListElement":[{"@type":"ListItem","position":1,"name":"Hjem","item":"https:\/\/headspace.dk\/"},{"@type":"ListItem","position":2,"name":"International Activities"}]},{"@type":"WebSite","@id":"https:\/\/headspace.dk\/#website","url":"https:\/\/headspace.dk\/","name":"headspace","description":"we are someone to talk to","publisher":{"@id":"https:\/\/headspace.dk\/#organization"},"potentialAction":[{"@type":"SearchAction","target":{"@type":"EntryPoint","urlTemplate":"https:\/\/headspace.dk\/?s={search_term_string}"},"query-input":{"@type":"PropertyValueSpecification","valueRequired":true,"valueName":"search_term_string"}}],"inLanguage":"en-US"},{"@type":"Organization","@id":"https:\/\/headspace.dk\/#organization","name":"headspace","url":"https:\/\/headspace.dk\/","logo":{"@type":"ImageObject","inLanguage":"en-US","@id":"https:\/\/headspace.dk\/#\/schema\/logo\/image\/","url":"https:\/\/headspace.dk\/wp-content\/uploads\/2024\/06\/3.png","contentUrl":"https:\/\/headspace.dk\/wp-content\/uploads\/2024\/06\/3.png","width":1080,"height":1080,"caption":"headspace"},"image":{"@id":"https:\/\/headspace.dk\/#\/schema\/logo\/image\/"},"sameAs":["https:\/\/www.facebook.com\/HeadspaceDanmark\/","https:\/\/www.tiktok.com\/@headspacedanmark","https:\/\/www.instagram.com\/headspacedanmark\/"]}]}},"_links":{"self":[{"href":"https:\/\/headspace.dk\/en\/wp-json\/wp\/v2\/pages\/16011","targetHints":{"allow":["GET"]}}],"collection":[{"href":"https:\/\/headspace.dk\/en\/wp-json\/wp\/v2\/pages"}],"about":[{"href":"https:\/\/headspace.dk\/en\/wp-json\/wp\/v2\/types\/page"}],"author":[{"embeddable":true,"href":"https:\/\/headspace.dk\/en\/wp-json\/wp\/v2\/users\/486"}],"replies":[{"embeddable":true,"href":"https:\/\/headspace.dk\/en\/wp-json\/wp\/v2\/comments?post=16011"}],"version-history":[{"count":61,"href":"https:\/\/headspace.dk\/en\/wp-json\/wp\/v2\/pages\/16011\/revisions"}],"predecessor-version":[{"id":21976,"href":"https:\/\/headspace.dk\/en\/wp-json\/wp\/v2\/pages\/16011\/revisions\/21976"}],"wp:attachment":[{"href":"https:\/\/headspace.dk\/en\/wp-json\/wp\/v2\/media?parent=16011"}],"curies":[{"name":"wp","href":"https:\/\/api.w.org\/{rel}","templated":true}]}}